{"id":3526,"date":"2023-12-15T13:39:25","date_gmt":"2023-12-15T12:39:25","guid":{"rendered":"https:\/\/marwan-abado.net\/?post_type=tribe_events&#038;p=3526"},"modified":"2024-02-03T21:20:03","modified_gmt":"2024-02-03T20:20:03","slug":"cd-praesentation-marwan-abado-ensemble-longa-vienna","status":"publish","type":"tribe_events","link":"https:\/\/marwan-abado.net\/ar\/event\/cd-praesentation-marwan-abado-ensemble-longa-vienna\/","title":{"rendered":"CD Pr\u00e4sentation Marwan Abado &#038; Ensemble &#8220;Longa Vienna&#8221;"},"content":{"rendered":"<p>Musikreihe Wiener Melange vom Konzerthaus Wien<\/p>\n<p>Doppelkonzert Faltenradio \/ Marwan Abado &amp; Ensemble<\/p>\n<p><strong>Marwan Abado <\/strong><em>&amp; Ensemble\u00a0<\/em><\/p>\n<p><strong>CD Pr\u00e4sentation &#8220;LONGA VIENNA&#8221;<\/strong><em>\u00a0<\/em><\/p>\n<p><strong>Marwan Abado<\/strong> Oud, Gesang<\/p>\n<p><strong>Maciej Golebiowski<\/strong> Klarinetten, Duduk<\/p>\n<p><strong>Arnulf Lindner <\/strong>B\u00e4sse<\/p>\n<p><strong>Peter Rosmanith<\/strong> Perkussion<\/p>\n<p>Spielarten, einmal etwas anders \/ Doppelkonzert<\/p>\n<p>W\u00e4hrend in den Konzerten des Zyklus \u00bbSpielarten\u00ab in der Regel ein heimisches auf ein internationales Ensemble trifft, steht diesmal der ganze Abend im Zeichen der \u00bbWiener Melange\u00ab: Sowohl das um Harmonika, Gesang und Schlaginstrumente erweiterte Klarinettenquartett Faltenradio als auch das Ensemble um Marwan Abado, das in diesem Konzert zu erleben ist, sind ganz oder teilweise in Wien beheimatet, und beide Formationen bringen auf unterschiedliche Weise Wiens althergebrachte Rolle als Schmelztiegel verschiedener kultureller Traditionen zur Geltung. \u00bbLandflucht\u00ab lautet der Titel des Programms von Faltenradio, in dem die vier Klarinettisten aus Salzburg und der Steiermark, die u. a. in gro\u00dfen Wiener Orchestern Karriere gemacht haben, gleichsam ihren Weg aus der Provinz in die Metropole musikalisch Revue passieren lassen. \u00bbLonga Vienna\u00ab ist dagegen der Titel des Programms, mit dem der seit 1985 in Wien lebende pal\u00e4stinensische Ud-Virtuose Marwan Abado seine mehr als 20-j\u00e4hrige musikalische Partnerschaft mit dem Perkussionisten Peter Rosmanith feiert.<\/p>\n<p>LONGA VIENNA ist eine musikalische Reise durch Wien \u2013 hier wird der kulturelle Schmelztiegel der Metropole h\u00f6rbar \u2013 das pulsierende Leben der Gro\u00dfstadt, bunte, poetische und dicht gewobene musikalische Geschichten erklingen. Wiener-Klang der Gegenwart.<\/p>\n<p><em><img loading=\"lazy\" decoding=\"async\" class=\"alignnone wp-image-3527\" src=\"https:\/\/marwan-abado.net\/wp-content\/uploads\/2023\/12\/ske_aume_logo_sw-300x298.jpg\" alt=\"\" width=\"53\" height=\"52\" srcset=\"https:\/\/marwan-abado.net\/wp-content\/uploads\/2023\/12\/ske_aume_logo_sw-300x298.jpg 300w, https:\/\/marwan-abado.net\/wp-content\/uploads\/2023\/12\/ske_aume_logo_sw-150x150.jpg 150w, https:\/\/marwan-abado.net\/wp-content\/uploads\/2023\/12\/ske_aume_logo_sw-768x764.jpg 768w, https:\/\/marwan-abado.net\/wp-content\/uploads\/2023\/12\/ske_aume_logo_sw.jpg 945w\" sizes=\"auto, (max-width: 53px) 100vw, 53px\" \/><\/em><\/p>\n","protected":false},"excerpt":{"rendered":"<p>Wiener Melange- Pr\u00e4sentation der neuen CD von Marwan Abado &#038; Ensemble<\/p>\n","protected":false},"author":2,"featured_media":3376,"template":"","meta":{"_tribe_events_status":"","_tribe_events_status_reason":"","footnotes":""},"tags":[],"tribe_events_cat":[66],"class_list":["post-3526","tribe_events","type-tribe_events","status-publish","has-post-thumbnail","hentry","tribe_events_cat-konzerte","cat_konzerte"],"yoast_head":"<!-- This site is optimized with the Yoast SEO plugin v27.5 - https:\/\/yoast.com\/product\/yoast-seo-wordpress\/ -->\n<title>Konzerte - Marwan Abado<\/title>\n<meta name=\"description\" content=\"Erleben Sie Marwan Abado live! Seine Musik ist klassisch formsch\u00f6n \u2013 pr\u00e4zise an Melodief\u00fchrung und narrativ. Sein Instrument, die Oud (orientalische Kurzhalslaute), hat in der arabischen Musik \u00e4hnliche Bedeutung wie das Klavier in der abendl\u00e4ndischen Kultur.\" \/>\n<meta name=\"robots\" content=\"noindex, follow\" \/>\n<meta property=\"og:locale\" content=\"ar_AR\" \/>\n<meta property=\"og:type\" content=\"article\" \/>\n<meta property=\"og:title\" content=\"Konzerte - Marwan Abado\" \/>\n<meta property=\"og:description\" content=\"Erleben Sie Marwan Abado live! Seine Musik ist klassisch formsch\u00f6n \u2013 pr\u00e4zise an Melodief\u00fchrung und narrativ. Sein Instrument, die Oud (orientalische Kurzhalslaute), hat in der arabischen Musik \u00e4hnliche Bedeutung wie das Klavier in der abendl\u00e4ndischen Kultur.\" \/>\n<meta property=\"og:url\" content=\"https:\/\/marwan-abado.net\/event\/cd-praesentation-marwan-abado-ensemble-longa-vienna\/\" \/>\n<meta property=\"og:site_name\" content=\"Marwan Abado\" \/>\n<meta property=\"article:modified_time\" content=\"2024-02-03T20:20:03+00:00\" \/>\n<meta property=\"og:image\" content=\"https:\/\/marwan-abado.net\/wp-content\/uploads\/2023\/03\/Donaukanal_02.jpg\" \/>\n\t<meta property=\"og:image:width\" content=\"1086\" \/>\n\t<meta property=\"og:image:height\" content=\"796\" \/>\n\t<meta property=\"og:image:type\" content=\"image\/jpeg\" \/>\n<meta name=\"twitter:card\" content=\"summary_large_image\" \/>\n<meta name=\"twitter:label1\" content=\"\u0648\u0642\u062a \u0627\u0644\u0642\u0631\u0627\u0621\u0629 \u0627\u0644\u0645\u064f\u0642\u062f\u0651\u0631\" \/>\n\t<meta name=\"twitter:data1\" content=\"\u062f\u0642\u064a\u0642\u062a\u0627\u0646\" \/>\n<script type=\"application\/ld+json\" class=\"yoast-schema-graph\">{\"@context\":\"https:\\\/\\\/schema.org\",\"@graph\":[{\"@type\":\"WebPage\",\"@id\":\"https:\\\/\\\/marwan-abado.net\\\/event\\\/cd-praesentation-marwan-abado-ensemble-longa-vienna\\\/\",\"url\":\"https:\\\/\\\/marwan-abado.net\\\/event\\\/cd-praesentation-marwan-abado-ensemble-longa-vienna\\\/\",\"name\":\"Konzerte - Marwan Abado\",\"isPartOf\":{\"@id\":\"https:\\\/\\\/marwan-abado.net\\\/#website\"},\"primaryImageOfPage\":{\"@id\":\"https:\\\/\\\/marwan-abado.net\\\/event\\\/cd-praesentation-marwan-abado-ensemble-longa-vienna\\\/#primaryimage\"},\"image\":{\"@id\":\"https:\\\/\\\/marwan-abado.net\\\/event\\\/cd-praesentation-marwan-abado-ensemble-longa-vienna\\\/#primaryimage\"},\"thumbnailUrl\":\"https:\\\/\\\/marwan-abado.net\\\/wp-content\\\/uploads\\\/2023\\\/03\\\/Donaukanal_02.jpg\",\"datePublished\":\"2023-12-15T12:39:25+00:00\",\"dateModified\":\"2024-02-03T20:20:03+00:00\",\"description\":\"Erleben Sie Marwan Abado live! Seine Musik ist klassisch formsch\u00f6n \u2013 pr\u00e4zise an Melodief\u00fchrung und narrativ. Sein Instrument, die Oud (orientalische Kurzhalslaute), hat in der arabischen Musik \u00e4hnliche Bedeutung wie das Klavier in der abendl\u00e4ndischen Kultur.\",\"breadcrumb\":{\"@id\":\"https:\\\/\\\/marwan-abado.net\\\/event\\\/cd-praesentation-marwan-abado-ensemble-longa-vienna\\\/#breadcrumb\"},\"inLanguage\":\"ar\",\"potentialAction\":[{\"@type\":\"ReadAction\",\"target\":[\"https:\\\/\\\/marwan-abado.net\\\/event\\\/cd-praesentation-marwan-abado-ensemble-longa-vienna\\\/\"]}]},{\"@type\":\"ImageObject\",\"inLanguage\":\"ar\",\"@id\":\"https:\\\/\\\/marwan-abado.net\\\/event\\\/cd-praesentation-marwan-abado-ensemble-longa-vienna\\\/#primaryimage\",\"url\":\"https:\\\/\\\/marwan-abado.net\\\/wp-content\\\/uploads\\\/2023\\\/03\\\/Donaukanal_02.jpg\",\"contentUrl\":\"https:\\\/\\\/marwan-abado.net\\\/wp-content\\\/uploads\\\/2023\\\/03\\\/Donaukanal_02.jpg\",\"width\":1086,\"height\":796,\"caption\":\"Aufnahme: Juli 2022\"},{\"@type\":\"BreadcrumbList\",\"@id\":\"https:\\\/\\\/marwan-abado.net\\\/event\\\/cd-praesentation-marwan-abado-ensemble-longa-vienna\\\/#breadcrumb\",\"itemListElement\":[{\"@type\":\"ListItem\",\"position\":1,\"name\":\"Startseite\",\"item\":\"https:\\\/\\\/marwan-abado.net\\\/ar\\\/\"},{\"@type\":\"ListItem\",\"position\":2,\"name\":\"Events\",\"item\":\"https:\\\/\\\/marwan-abado.net\\\/en\\\/events\\\/\"},{\"@type\":\"ListItem\",\"position\":3,\"name\":\"CD Pr\u00e4sentation Marwan Abado &#038; Ensemble &#8222;Longa Vienna&#8220;\"}]},{\"@type\":\"WebSite\",\"@id\":\"https:\\\/\\\/marwan-abado.net\\\/#website\",\"url\":\"https:\\\/\\\/marwan-abado.net\\\/\",\"name\":\"Marwan Abado\",\"description\":\"Musiker - Songwriter - Projektleiter\",\"publisher\":{\"@id\":\"https:\\\/\\\/marwan-abado.net\\\/#organization\"},\"potentialAction\":[{\"@type\":\"SearchAction\",\"target\":{\"@type\":\"EntryPoint\",\"urlTemplate\":\"https:\\\/\\\/marwan-abado.net\\\/?s={search_term_string}\"},\"query-input\":{\"@type\":\"PropertyValueSpecification\",\"valueRequired\":true,\"valueName\":\"search_term_string\"}}],\"inLanguage\":\"ar\"},{\"@type\":\"Organization\",\"@id\":\"https:\\\/\\\/marwan-abado.net\\\/#organization\",\"name\":\"Marwan Abado\",\"url\":\"https:\\\/\\\/marwan-abado.net\\\/\",\"logo\":{\"@type\":\"ImageObject\",\"inLanguage\":\"ar\",\"@id\":\"https:\\\/\\\/marwan-abado.net\\\/#\\\/schema\\\/logo\\\/image\\\/\",\"url\":\"https:\\\/\\\/marwan-abado.net\\\/wp-content\\\/uploads\\\/2020\\\/01\\\/Marwan-Abado-Oud.jpg\",\"contentUrl\":\"https:\\\/\\\/marwan-abado.net\\\/wp-content\\\/uploads\\\/2020\\\/01\\\/Marwan-Abado-Oud.jpg\",\"width\":1200,\"height\":800,\"caption\":\"Marwan Abado\"},\"image\":{\"@id\":\"https:\\\/\\\/marwan-abado.net\\\/#\\\/schema\\\/logo\\\/image\\\/\"}}]}<\/script>\n<!-- \/ Yoast SEO plugin. -->","yoast_head_json":{"title":"Konzerte - Marwan Abado","description":"Erleben Sie Marwan Abado live! Seine Musik ist klassisch formsch\u00f6n \u2013 pr\u00e4zise an Melodief\u00fchrung und narrativ. Sein Instrument, die Oud (orientalische Kurzhalslaute), hat in der arabischen Musik \u00e4hnliche Bedeutung wie das Klavier in der abendl\u00e4ndischen Kultur.","robots":{"index":"noindex","follow":"follow"},"og_locale":"ar_AR","og_type":"article","og_title":"Konzerte - Marwan Abado","og_description":"Erleben Sie Marwan Abado live! Seine Musik ist klassisch formsch\u00f6n \u2013 pr\u00e4zise an Melodief\u00fchrung und narrativ. Sein Instrument, die Oud (orientalische Kurzhalslaute), hat in der arabischen Musik \u00e4hnliche Bedeutung wie das Klavier in der abendl\u00e4ndischen Kultur.","og_url":"https:\/\/marwan-abado.net\/event\/cd-praesentation-marwan-abado-ensemble-longa-vienna\/","og_site_name":"Marwan Abado","article_modified_time":"2024-02-03T20:20:03+00:00","og_image":[{"width":1086,"height":796,"url":"https:\/\/marwan-abado.net\/wp-content\/uploads\/2023\/03\/Donaukanal_02.jpg","type":"image\/jpeg"}],"twitter_card":"summary_large_image","twitter_misc":{"\u0648\u0642\u062a \u0627\u0644\u0642\u0631\u0627\u0621\u0629 \u0627\u0644\u0645\u064f\u0642\u062f\u0651\u0631":"\u062f\u0642\u064a\u0642\u062a\u0627\u0646"},"schema":{"@context":"https:\/\/schema.org","@graph":[{"@type":"WebPage","@id":"https:\/\/marwan-abado.net\/event\/cd-praesentation-marwan-abado-ensemble-longa-vienna\/","url":"https:\/\/marwan-abado.net\/event\/cd-praesentation-marwan-abado-ensemble-longa-vienna\/","name":"Konzerte - Marwan Abado","isPartOf":{"@id":"https:\/\/marwan-abado.net\/#website"},"primaryImageOfPage":{"@id":"https:\/\/marwan-abado.net\/event\/cd-praesentation-marwan-abado-ensemble-longa-vienna\/#primaryimage"},"image":{"@id":"https:\/\/marwan-abado.net\/event\/cd-praesentation-marwan-abado-ensemble-longa-vienna\/#primaryimage"},"thumbnailUrl":"https:\/\/marwan-abado.net\/wp-content\/uploads\/2023\/03\/Donaukanal_02.jpg","datePublished":"2023-12-15T12:39:25+00:00","dateModified":"2024-02-03T20:20:03+00:00","description":"Erleben Sie Marwan Abado live! Seine Musik ist klassisch formsch\u00f6n \u2013 pr\u00e4zise an Melodief\u00fchrung und narrativ. Sein Instrument, die Oud (orientalische Kurzhalslaute), hat in der arabischen Musik \u00e4hnliche Bedeutung wie das Klavier in der abendl\u00e4ndischen Kultur.","breadcrumb":{"@id":"https:\/\/marwan-abado.net\/event\/cd-praesentation-marwan-abado-ensemble-longa-vienna\/#breadcrumb"},"inLanguage":"ar","potentialAction":[{"@type":"ReadAction","target":["https:\/\/marwan-abado.net\/event\/cd-praesentation-marwan-abado-ensemble-longa-vienna\/"]}]},{"@type":"ImageObject","inLanguage":"ar","@id":"https:\/\/marwan-abado.net\/event\/cd-praesentation-marwan-abado-ensemble-longa-vienna\/#primaryimage","url":"https:\/\/marwan-abado.net\/wp-content\/uploads\/2023\/03\/Donaukanal_02.jpg","contentUrl":"https:\/\/marwan-abado.net\/wp-content\/uploads\/2023\/03\/Donaukanal_02.jpg","width":1086,"height":796,"caption":"Aufnahme: Juli 2022"},{"@type":"BreadcrumbList","@id":"https:\/\/marwan-abado.net\/event\/cd-praesentation-marwan-abado-ensemble-longa-vienna\/#breadcrumb","itemListElement":[{"@type":"ListItem","position":1,"name":"Startseite","item":"https:\/\/marwan-abado.net\/ar\/"},{"@type":"ListItem","position":2,"name":"Events","item":"https:\/\/marwan-abado.net\/en\/events\/"},{"@type":"ListItem","position":3,"name":"CD Pr\u00e4sentation Marwan Abado &#038; Ensemble &#8222;Longa Vienna&#8220;"}]},{"@type":"WebSite","@id":"https:\/\/marwan-abado.net\/#website","url":"https:\/\/marwan-abado.net\/","name":"Marwan Abado","description":"Musiker - Songwriter - Projektleiter","publisher":{"@id":"https:\/\/marwan-abado.net\/#organization"},"potentialAction":[{"@type":"SearchAction","target":{"@type":"EntryPoint","urlTemplate":"https:\/\/marwan-abado.net\/?s={search_term_string}"},"query-input":{"@type":"PropertyValueSpecification","valueRequired":true,"valueName":"search_term_string"}}],"inLanguage":"ar"},{"@type":"Organization","@id":"https:\/\/marwan-abado.net\/#organization","name":"Marwan Abado","url":"https:\/\/marwan-abado.net\/","logo":{"@type":"ImageObject","inLanguage":"ar","@id":"https:\/\/marwan-abado.net\/#\/schema\/logo\/image\/","url":"https:\/\/marwan-abado.net\/wp-content\/uploads\/2020\/01\/Marwan-Abado-Oud.jpg","contentUrl":"https:\/\/marwan-abado.net\/wp-content\/uploads\/2020\/01\/Marwan-Abado-Oud.jpg","width":1200,"height":800,"caption":"Marwan Abado"},"image":{"@id":"https:\/\/marwan-abado.net\/#\/schema\/logo\/image\/"}}]}},"_links":{"self":[{"href":"https:\/\/marwan-abado.net\/ar\/wp-json\/wp\/v2\/tribe_events\/3526","targetHints":{"allow":["GET"]}}],"collection":[{"href":"https:\/\/marwan-abado.net\/ar\/wp-json\/wp\/v2\/tribe_events"}],"about":[{"href":"https:\/\/marwan-abado.net\/ar\/wp-json\/wp\/v2\/types\/tribe_events"}],"author":[{"embeddable":true,"href":"https:\/\/marwan-abado.net\/ar\/wp-json\/wp\/v2\/users\/2"}],"version-history":[{"count":3,"href":"https:\/\/marwan-abado.net\/ar\/wp-json\/wp\/v2\/tribe_events\/3526\/revisions"}],"predecessor-version":[{"id":3533,"href":"https:\/\/marwan-abado.net\/ar\/wp-json\/wp\/v2\/tribe_events\/3526\/revisions\/3533"}],"wp:featuredmedia":[{"embeddable":true,"href":"https:\/\/marwan-abado.net\/ar\/wp-json\/wp\/v2\/media\/3376"}],"wp:attachment":[{"href":"https:\/\/marwan-abado.net\/ar\/wp-json\/wp\/v2\/media?parent=3526"}],"wp:term":[{"taxonomy":"post_tag","embeddable":true,"href":"https:\/\/marwan-abado.net\/ar\/wp-json\/wp\/v2\/tags?post=3526"},{"taxonomy":"tribe_events_cat","embeddable":true,"href":"https:\/\/marwan-abado.net\/ar\/wp-json\/wp\/v2\/tribe_events_cat?post=3526"}],"curies":[{"name":"wp","href":"https:\/\/api.w.org\/{rel}","templated":true}]}}