{"id":3568,"date":"2024-01-15T13:32:53","date_gmt":"2024-01-15T12:32:53","guid":{"rendered":"https:\/\/marwan-abado.net\/?post_type=tribe_events&#038;p=3568"},"modified":"2024-01-15T13:32:53","modified_gmt":"2024-01-15T12:32:53","slug":"simone-pergmann-marwan-abado-majimaz-in-concert-5","status":"publish","type":"tribe_events","link":"https:\/\/marwan-abado.net\/ar\/event\/simone-pergmann-marwan-abado-majimaz-in-concert-5\/","title":{"rendered":"Simone Pergmann, Marwan Abado &#038; Majimaz in Concert"},"content":{"rendered":"<p>Lange Nacht der Kirchen<br \/>\nsimone pergmann &#038; majimaz in concert<br \/>\n&#8220;ich m\u00f6chte nah an deinem herzen lauschen&#8221;<br \/>\nein konzert f\u00fcr den frieden<br \/>\ndie sch\u00f6nsten jiddischen &#038; sefardischen lieder, werke von marwan abado &#038; simone pergmann, gedichte von else lasker sch\u00fcler, marwan abado &#038; simone pergmann<br \/>\ninfo: j\u00fcdische musiktage salzburg 0043 650 7958510 eintritt frei!<br \/>\nsolisten: simone pergmann, bernhard teufl, johannes forster, chor pfarrverband salzburg mitte &#038; band, leitung: georg klebel <\/p>\n","protected":false},"excerpt":{"rendered":"<p>Lange Nacht der Kirchen simone pergmann &#038; majimaz in concert &#8220;ich m\u00f6chte nah an deinem herzen lauschen&#8221; ein konzert f\u00fcr den frieden die sch\u00f6nsten jiddischen &#038; sefardischen lieder, werke von marwan abado &#038; simone pergmann, gedichte von else lasker sch\u00fcler, marwan abado &#038; simone pergmann info: j\u00fcdische musiktage salzburg 0043&#8230;<\/p>\n","protected":false},"author":2,"featured_media":3207,"template":"","meta":{"_tribe_events_status":"","_tribe_events_status_reason":"","footnotes":""},"tags":[],"tribe_events_cat":[66],"class_list":["post-3568","tribe_events","type-tribe_events","status-publish","has-post-thumbnail","hentry","tribe_events_cat-konzerte","cat_konzerte"],"yoast_head":"<!-- This site is optimized with the Yoast SEO plugin v27.5 - https:\/\/yoast.com\/product\/yoast-seo-wordpress\/ -->\n<title>Konzerte - Marwan Abado<\/title>\n<meta name=\"description\" content=\"Erleben Sie Marwan Abado live! Seine Musik ist klassisch formsch\u00f6n \u2013 pr\u00e4zise an Melodief\u00fchrung und narrativ. Sein Instrument, die Oud (orientalische Kurzhalslaute), hat in der arabischen Musik \u00e4hnliche Bedeutung wie das Klavier in der abendl\u00e4ndischen Kultur.\" \/>\n<meta name=\"robots\" content=\"noindex, follow\" \/>\n<meta property=\"og:locale\" content=\"ar_AR\" \/>\n<meta property=\"og:type\" content=\"article\" \/>\n<meta property=\"og:title\" content=\"Konzerte - Marwan Abado\" \/>\n<meta property=\"og:description\" content=\"Erleben Sie Marwan Abado live! Seine Musik ist klassisch formsch\u00f6n \u2013 pr\u00e4zise an Melodief\u00fchrung und narrativ. Sein Instrument, die Oud (orientalische Kurzhalslaute), hat in der arabischen Musik \u00e4hnliche Bedeutung wie das Klavier in der abendl\u00e4ndischen Kultur.\" \/>\n<meta property=\"og:url\" content=\"https:\/\/marwan-abado.net\/event\/simone-pergmann-marwan-abado-majimaz-in-concert-5\/\" \/>\n<meta property=\"og:site_name\" content=\"Marwan Abado\" \/>\n<meta property=\"og:image\" content=\"https:\/\/marwan-abado.net\/wp-content\/uploads\/2022\/06\/orientalneu.jpg\" \/>\n\t<meta property=\"og:image:width\" content=\"470\" \/>\n\t<meta property=\"og:image:height\" content=\"200\" \/>\n\t<meta property=\"og:image:type\" content=\"image\/jpeg\" \/>\n<meta name=\"twitter:card\" content=\"summary_large_image\" \/>\n<meta name=\"twitter:label1\" content=\"\u0648\u0642\u062a \u0627\u0644\u0642\u0631\u0627\u0621\u0629 \u0627\u0644\u0645\u064f\u0642\u062f\u0651\u0631\" \/>\n\t<meta name=\"twitter:data1\" content=\"1 \u062f\u0642\u064a\u0642\u0629\" \/>\n<script type=\"application\/ld+json\" class=\"yoast-schema-graph\">{\"@context\":\"https:\\\/\\\/schema.org\",\"@graph\":[{\"@type\":\"WebPage\",\"@id\":\"https:\\\/\\\/marwan-abado.net\\\/event\\\/simone-pergmann-marwan-abado-majimaz-in-concert-5\\\/\",\"url\":\"https:\\\/\\\/marwan-abado.net\\\/event\\\/simone-pergmann-marwan-abado-majimaz-in-concert-5\\\/\",\"name\":\"Konzerte - Marwan Abado\",\"isPartOf\":{\"@id\":\"https:\\\/\\\/marwan-abado.net\\\/#website\"},\"primaryImageOfPage\":{\"@id\":\"https:\\\/\\\/marwan-abado.net\\\/event\\\/simone-pergmann-marwan-abado-majimaz-in-concert-5\\\/#primaryimage\"},\"image\":{\"@id\":\"https:\\\/\\\/marwan-abado.net\\\/event\\\/simone-pergmann-marwan-abado-majimaz-in-concert-5\\\/#primaryimage\"},\"thumbnailUrl\":\"https:\\\/\\\/marwan-abado.net\\\/wp-content\\\/uploads\\\/2022\\\/06\\\/orientalneu.jpg\",\"datePublished\":\"2024-01-15T12:32:53+00:00\",\"description\":\"Erleben Sie Marwan Abado live! Seine Musik ist klassisch formsch\u00f6n \u2013 pr\u00e4zise an Melodief\u00fchrung und narrativ. Sein Instrument, die Oud (orientalische Kurzhalslaute), hat in der arabischen Musik \u00e4hnliche Bedeutung wie das Klavier in der abendl\u00e4ndischen Kultur.\",\"breadcrumb\":{\"@id\":\"https:\\\/\\\/marwan-abado.net\\\/event\\\/simone-pergmann-marwan-abado-majimaz-in-concert-5\\\/#breadcrumb\"},\"inLanguage\":\"ar\",\"potentialAction\":[{\"@type\":\"ReadAction\",\"target\":[\"https:\\\/\\\/marwan-abado.net\\\/event\\\/simone-pergmann-marwan-abado-majimaz-in-concert-5\\\/\"]}]},{\"@type\":\"ImageObject\",\"inLanguage\":\"ar\",\"@id\":\"https:\\\/\\\/marwan-abado.net\\\/event\\\/simone-pergmann-marwan-abado-majimaz-in-concert-5\\\/#primaryimage\",\"url\":\"https:\\\/\\\/marwan-abado.net\\\/wp-content\\\/uploads\\\/2022\\\/06\\\/orientalneu.jpg\",\"contentUrl\":\"https:\\\/\\\/marwan-abado.net\\\/wp-content\\\/uploads\\\/2022\\\/06\\\/orientalneu.jpg\",\"width\":470,\"height\":200},{\"@type\":\"BreadcrumbList\",\"@id\":\"https:\\\/\\\/marwan-abado.net\\\/event\\\/simone-pergmann-marwan-abado-majimaz-in-concert-5\\\/#breadcrumb\",\"itemListElement\":[{\"@type\":\"ListItem\",\"position\":1,\"name\":\"Startseite\",\"item\":\"https:\\\/\\\/marwan-abado.net\\\/ar\\\/\"},{\"@type\":\"ListItem\",\"position\":2,\"name\":\"Events\",\"item\":\"https:\\\/\\\/marwan-abado.net\\\/en\\\/events\\\/\"},{\"@type\":\"ListItem\",\"position\":3,\"name\":\"Simone Pergmann, Marwan Abado &#038; Majimaz in Concert\"}]},{\"@type\":\"WebSite\",\"@id\":\"https:\\\/\\\/marwan-abado.net\\\/#website\",\"url\":\"https:\\\/\\\/marwan-abado.net\\\/\",\"name\":\"Marwan Abado\",\"description\":\"Musiker - Songwriter - Projektleiter\",\"publisher\":{\"@id\":\"https:\\\/\\\/marwan-abado.net\\\/#organization\"},\"potentialAction\":[{\"@type\":\"SearchAction\",\"target\":{\"@type\":\"EntryPoint\",\"urlTemplate\":\"https:\\\/\\\/marwan-abado.net\\\/?s={search_term_string}\"},\"query-input\":{\"@type\":\"PropertyValueSpecification\",\"valueRequired\":true,\"valueName\":\"search_term_string\"}}],\"inLanguage\":\"ar\"},{\"@type\":\"Organization\",\"@id\":\"https:\\\/\\\/marwan-abado.net\\\/#organization\",\"name\":\"Marwan Abado\",\"url\":\"https:\\\/\\\/marwan-abado.net\\\/\",\"logo\":{\"@type\":\"ImageObject\",\"inLanguage\":\"ar\",\"@id\":\"https:\\\/\\\/marwan-abado.net\\\/#\\\/schema\\\/logo\\\/image\\\/\",\"url\":\"https:\\\/\\\/marwan-abado.net\\\/wp-content\\\/uploads\\\/2020\\\/01\\\/Marwan-Abado-Oud.jpg\",\"contentUrl\":\"https:\\\/\\\/marwan-abado.net\\\/wp-content\\\/uploads\\\/2020\\\/01\\\/Marwan-Abado-Oud.jpg\",\"width\":1200,\"height\":800,\"caption\":\"Marwan Abado\"},\"image\":{\"@id\":\"https:\\\/\\\/marwan-abado.net\\\/#\\\/schema\\\/logo\\\/image\\\/\"}}]}<\/script>\n<!-- \/ Yoast SEO plugin. -->","yoast_head_json":{"title":"Konzerte - Marwan Abado","description":"Erleben Sie Marwan Abado live! Seine Musik ist klassisch formsch\u00f6n \u2013 pr\u00e4zise an Melodief\u00fchrung und narrativ. Sein Instrument, die Oud (orientalische Kurzhalslaute), hat in der arabischen Musik \u00e4hnliche Bedeutung wie das Klavier in der abendl\u00e4ndischen Kultur.","robots":{"index":"noindex","follow":"follow"},"og_locale":"ar_AR","og_type":"article","og_title":"Konzerte - Marwan Abado","og_description":"Erleben Sie Marwan Abado live! Seine Musik ist klassisch formsch\u00f6n \u2013 pr\u00e4zise an Melodief\u00fchrung und narrativ. Sein Instrument, die Oud (orientalische Kurzhalslaute), hat in der arabischen Musik \u00e4hnliche Bedeutung wie das Klavier in der abendl\u00e4ndischen Kultur.","og_url":"https:\/\/marwan-abado.net\/event\/simone-pergmann-marwan-abado-majimaz-in-concert-5\/","og_site_name":"Marwan Abado","og_image":[{"width":470,"height":200,"url":"https:\/\/marwan-abado.net\/wp-content\/uploads\/2022\/06\/orientalneu.jpg","type":"image\/jpeg"}],"twitter_card":"summary_large_image","twitter_misc":{"\u0648\u0642\u062a \u0627\u0644\u0642\u0631\u0627\u0621\u0629 \u0627\u0644\u0645\u064f\u0642\u062f\u0651\u0631":"1 \u062f\u0642\u064a\u0642\u0629"},"schema":{"@context":"https:\/\/schema.org","@graph":[{"@type":"WebPage","@id":"https:\/\/marwan-abado.net\/event\/simone-pergmann-marwan-abado-majimaz-in-concert-5\/","url":"https:\/\/marwan-abado.net\/event\/simone-pergmann-marwan-abado-majimaz-in-concert-5\/","name":"Konzerte - Marwan Abado","isPartOf":{"@id":"https:\/\/marwan-abado.net\/#website"},"primaryImageOfPage":{"@id":"https:\/\/marwan-abado.net\/event\/simone-pergmann-marwan-abado-majimaz-in-concert-5\/#primaryimage"},"image":{"@id":"https:\/\/marwan-abado.net\/event\/simone-pergmann-marwan-abado-majimaz-in-concert-5\/#primaryimage"},"thumbnailUrl":"https:\/\/marwan-abado.net\/wp-content\/uploads\/2022\/06\/orientalneu.jpg","datePublished":"2024-01-15T12:32:53+00:00","description":"Erleben Sie Marwan Abado live! Seine Musik ist klassisch formsch\u00f6n \u2013 pr\u00e4zise an Melodief\u00fchrung und narrativ. Sein Instrument, die Oud (orientalische Kurzhalslaute), hat in der arabischen Musik \u00e4hnliche Bedeutung wie das Klavier in der abendl\u00e4ndischen Kultur.","breadcrumb":{"@id":"https:\/\/marwan-abado.net\/event\/simone-pergmann-marwan-abado-majimaz-in-concert-5\/#breadcrumb"},"inLanguage":"ar","potentialAction":[{"@type":"ReadAction","target":["https:\/\/marwan-abado.net\/event\/simone-pergmann-marwan-abado-majimaz-in-concert-5\/"]}]},{"@type":"ImageObject","inLanguage":"ar","@id":"https:\/\/marwan-abado.net\/event\/simone-pergmann-marwan-abado-majimaz-in-concert-5\/#primaryimage","url":"https:\/\/marwan-abado.net\/wp-content\/uploads\/2022\/06\/orientalneu.jpg","contentUrl":"https:\/\/marwan-abado.net\/wp-content\/uploads\/2022\/06\/orientalneu.jpg","width":470,"height":200},{"@type":"BreadcrumbList","@id":"https:\/\/marwan-abado.net\/event\/simone-pergmann-marwan-abado-majimaz-in-concert-5\/#breadcrumb","itemListElement":[{"@type":"ListItem","position":1,"name":"Startseite","item":"https:\/\/marwan-abado.net\/ar\/"},{"@type":"ListItem","position":2,"name":"Events","item":"https:\/\/marwan-abado.net\/en\/events\/"},{"@type":"ListItem","position":3,"name":"Simone Pergmann, Marwan Abado &#038; Majimaz in Concert"}]},{"@type":"WebSite","@id":"https:\/\/marwan-abado.net\/#website","url":"https:\/\/marwan-abado.net\/","name":"Marwan Abado","description":"Musiker - Songwriter - Projektleiter","publisher":{"@id":"https:\/\/marwan-abado.net\/#organization"},"potentialAction":[{"@type":"SearchAction","target":{"@type":"EntryPoint","urlTemplate":"https:\/\/marwan-abado.net\/?s={search_term_string}"},"query-input":{"@type":"PropertyValueSpecification","valueRequired":true,"valueName":"search_term_string"}}],"inLanguage":"ar"},{"@type":"Organization","@id":"https:\/\/marwan-abado.net\/#organization","name":"Marwan Abado","url":"https:\/\/marwan-abado.net\/","logo":{"@type":"ImageObject","inLanguage":"ar","@id":"https:\/\/marwan-abado.net\/#\/schema\/logo\/image\/","url":"https:\/\/marwan-abado.net\/wp-content\/uploads\/2020\/01\/Marwan-Abado-Oud.jpg","contentUrl":"https:\/\/marwan-abado.net\/wp-content\/uploads\/2020\/01\/Marwan-Abado-Oud.jpg","width":1200,"height":800,"caption":"Marwan Abado"},"image":{"@id":"https:\/\/marwan-abado.net\/#\/schema\/logo\/image\/"}}]}},"_links":{"self":[{"href":"https:\/\/marwan-abado.net\/ar\/wp-json\/wp\/v2\/tribe_events\/3568","targetHints":{"allow":["GET"]}}],"collection":[{"href":"https:\/\/marwan-abado.net\/ar\/wp-json\/wp\/v2\/tribe_events"}],"about":[{"href":"https:\/\/marwan-abado.net\/ar\/wp-json\/wp\/v2\/types\/tribe_events"}],"author":[{"embeddable":true,"href":"https:\/\/marwan-abado.net\/ar\/wp-json\/wp\/v2\/users\/2"}],"version-history":[{"count":1,"href":"https:\/\/marwan-abado.net\/ar\/wp-json\/wp\/v2\/tribe_events\/3568\/revisions"}],"predecessor-version":[{"id":3569,"href":"https:\/\/marwan-abado.net\/ar\/wp-json\/wp\/v2\/tribe_events\/3568\/revisions\/3569"}],"wp:featuredmedia":[{"embeddable":true,"href":"https:\/\/marwan-abado.net\/ar\/wp-json\/wp\/v2\/media\/3207"}],"wp:attachment":[{"href":"https:\/\/marwan-abado.net\/ar\/wp-json\/wp\/v2\/media?parent=3568"}],"wp:term":[{"taxonomy":"post_tag","embeddable":true,"href":"https:\/\/marwan-abado.net\/ar\/wp-json\/wp\/v2\/tags?post=3568"},{"taxonomy":"tribe_events_cat","embeddable":true,"href":"https:\/\/marwan-abado.net\/ar\/wp-json\/wp\/v2\/tribe_events_cat?post=3568"}],"curies":[{"name":"wp","href":"https:\/\/api.w.org\/{rel}","templated":true}]}}