{"id":3711,"date":"2024-06-13T12:22:08","date_gmt":"2024-06-13T10:22:08","guid":{"rendered":"https:\/\/marwan-abado.net\/?post_type=tribe_events&#038;p=3711"},"modified":"2024-06-14T15:01:53","modified_gmt":"2024-06-14T13:01:53","slug":"raushana-2","status":"publish","type":"tribe_events","link":"https:\/\/marwan-abado.net\/ar\/event\/raushana-2\/","title":{"rendered":"Raushana"},"content":{"rendered":"<div class=\"xdj266r x11i5rnm xat24cr x1mh8g0r x1vvkbs\">World music festival, koji ipak ne odustaje.<br class=\"html-br\" \/>Ve\u0107 21 godinu. <br class=\"html-br\" \/>Da li dolazi\u0161 da nam svojim prisustvom pru\u017ei\u0161 podr\u0161ku?!<br class=\"html-br\" \/>&#8211; &#8211; &#8211;<br class=\"html-br\" \/>Dobro do\u0161li u Pozori\u0161te &#8220;Kosztol\u00e1nyi Dezs\u0151&#8221; (Subotica), 21. juna 2024. Dakle ovaj put, samo jedno koncertno ve\u010de. Ali kakvo!<\/div>\n<div class=\"x11i5rnm xat24cr x1mh8g0r x1vvkbs xtlvy1s\">19.30 &#8211; MARWAN ABADO \/ Austrija, Palestina<br class=\"html-br\" \/>20.30 &#8211; SVETLANA SPAJI\u0106 &#8211; BOKAN STANKOVI\u0106 \/ Srbija<br class=\"html-br\" \/>22.00 &#8211; TOO MUCH OF SUCH \/ Srbija, Izrael<\/div>\n<div class=\"x11i5rnm xat24cr x1mh8g0r x1vvkbs xtlvy1s\">Marwan Abado <br class=\"html-br\" \/>je austrijsko-palestinski muzi\u010dar, koji \u017eivi i radi u Be\u010du ve\u0107 30 godina. Najpoznatiji je ambasador orijentalne muzike u Austriji, sa dubokim znanjem klasi\u010dne arapske muzike, koju ipak na specifi\u010dan na\u010din premo\u0161\u0107ava i tra\u017ei dijalog sa evropskim tradicijama. Tokom karijere je nastupao sa poznatim umetnicima poput Otoa Lehnera ili Franca Hautcingera, ali u Subotici na 21. Etnofestu predstavlja svoj solo program za oud i vokal, pod nazivom &#8220;Raushana&#8221;.<br class=\"html-br\" \/>Koncert Marwan Abadoa omogu\u0107io je Austrijski kulturni forum iz Beograda.<br class=\"html-br\" \/><a class=\"x1i10hfl xjbqb8w x1ejq31n xd10rxx x1sy0etr x17r0tee x972fbf xcfux6l x1qhh985 xm0m39n x9f619 x1ypdohk xt0psk2 xe8uvvx xdj266r x11i5rnm xat24cr x1mh8g0r xexx8yu x4uap5 x18d9i69 xkhd6sd x16tdsg8 x1hl2dhg xggy1nq x1a2a7pz x1sur9pj xkrqix3 x1fey0fg\" tabindex=\"0\" role=\"link\" href=\"https:\/\/l.facebook.com\/l.php?u=https%3A%2F%2Fmarwanabado.bandcamp.com%2Falbum%2Fraushana%3Ffbclid%3DIwZXh0bgNhZW0CMTAAAR0QcM_QjPKssI55qfMWHIvm7Gw1rDUligE_CNMouk_Bz1j53CBoYDxFXhs_aem_AUYh_HwiIftQV1N8vLt6YUw-GheFcm_DACpphCRX_QUUNcVCGGBoqz6Q2mV5DyIRfrFROgt_xTjkAuNFhFeX-s2i&amp;h=AT228BlUssI9oDae5pQn95CV_BGGc8GwTTyyl2c35wr9zEgmju8IYs9E9gdhOeQhCQiZlvsI3k814p3S90iSiGreSMzqDOVKnUkO4I8-OpW_93c0WWRzN-bwi0xrKdj5idEHXUU&amp;__tn__=q&amp;c[0]=AT2N1PgdPIoh1EWdj8u0E-9CfcuHQnT-xU4f4TPGZYf74NEzsDJcVFIuD5vPowfwMcx1M1UNXjo8twoxLAV7SgqB_Tsz94vD5Zd2R-bD-yS7N8CBOXnmgrh78tdgi_8Wmd59svK_UDvEH6FddQQcJ7XDKdq9ziXsoxUxt89ahhxnjZergwpU\" target=\"_blank\" rel=\"nofollow noopener noreferrer\">https:\/\/marwanabado.bandcamp.com\/album\/raushana<\/a><\/div>\n","protected":false},"excerpt":{"rendered":"<p>Etnofest Serbia<\/p>\n","protected":false},"author":2,"featured_media":3715,"template":"","meta":{"_tribe_events_status":"","_tribe_events_status_reason":"","footnotes":""},"tags":[],"tribe_events_cat":[66],"class_list":["post-3711","tribe_events","type-tribe_events","status-publish","has-post-thumbnail","hentry","tribe_events_cat-konzerte","cat_konzerte"],"yoast_head":"<!-- This site is optimized with the Yoast SEO plugin v27.5 - https:\/\/yoast.com\/product\/yoast-seo-wordpress\/ -->\n<title>Konzerte - Marwan Abado<\/title>\n<meta name=\"description\" content=\"Erleben Sie Marwan Abado live! Seine Musik ist klassisch formsch\u00f6n \u2013 pr\u00e4zise an Melodief\u00fchrung und narrativ. Sein Instrument, die Oud (orientalische Kurzhalslaute), hat in der arabischen Musik \u00e4hnliche Bedeutung wie das Klavier in der abendl\u00e4ndischen Kultur.\" \/>\n<meta name=\"robots\" content=\"noindex, follow\" \/>\n<meta property=\"og:locale\" content=\"ar_AR\" \/>\n<meta property=\"og:type\" content=\"article\" \/>\n<meta property=\"og:title\" content=\"Konzerte - Marwan Abado\" \/>\n<meta property=\"og:description\" content=\"Erleben Sie Marwan Abado live! Seine Musik ist klassisch formsch\u00f6n \u2013 pr\u00e4zise an Melodief\u00fchrung und narrativ. Sein Instrument, die Oud (orientalische Kurzhalslaute), hat in der arabischen Musik \u00e4hnliche Bedeutung wie das Klavier in der abendl\u00e4ndischen Kultur.\" \/>\n<meta property=\"og:url\" content=\"https:\/\/marwan-abado.net\/event\/raushana-2\/\" \/>\n<meta property=\"og:site_name\" content=\"Marwan Abado\" \/>\n<meta property=\"article:modified_time\" content=\"2024-06-14T13:01:53+00:00\" \/>\n<meta property=\"og:image\" content=\"https:\/\/marwan-abado.net\/wp-content\/uploads\/2024\/06\/lackinger-jazzit_24309447.jpg\" \/>\n\t<meta property=\"og:image:width\" content=\"372\" \/>\n\t<meta property=\"og:image:height\" content=\"248\" \/>\n\t<meta property=\"og:image:type\" content=\"image\/jpeg\" \/>\n<meta name=\"twitter:card\" content=\"summary_large_image\" \/>\n<meta name=\"twitter:label1\" content=\"\u0648\u0642\u062a \u0627\u0644\u0642\u0631\u0627\u0621\u0629 \u0627\u0644\u0645\u064f\u0642\u062f\u0651\u0631\" \/>\n\t<meta name=\"twitter:data1\" content=\"1 \u062f\u0642\u064a\u0642\u0629\" \/>\n<script type=\"application\/ld+json\" class=\"yoast-schema-graph\">{\"@context\":\"https:\\\/\\\/schema.org\",\"@graph\":[{\"@type\":\"WebPage\",\"@id\":\"https:\\\/\\\/marwan-abado.net\\\/event\\\/raushana-2\\\/\",\"url\":\"https:\\\/\\\/marwan-abado.net\\\/event\\\/raushana-2\\\/\",\"name\":\"Konzerte - Marwan Abado\",\"isPartOf\":{\"@id\":\"https:\\\/\\\/marwan-abado.net\\\/#website\"},\"primaryImageOfPage\":{\"@id\":\"https:\\\/\\\/marwan-abado.net\\\/event\\\/raushana-2\\\/#primaryimage\"},\"image\":{\"@id\":\"https:\\\/\\\/marwan-abado.net\\\/event\\\/raushana-2\\\/#primaryimage\"},\"thumbnailUrl\":\"https:\\\/\\\/marwan-abado.net\\\/wp-content\\\/uploads\\\/2024\\\/06\\\/lackinger-jazzit_24309447.jpg\",\"datePublished\":\"2024-06-13T10:22:08+00:00\",\"dateModified\":\"2024-06-14T13:01:53+00:00\",\"description\":\"Erleben Sie Marwan Abado live! Seine Musik ist klassisch formsch\u00f6n \u2013 pr\u00e4zise an Melodief\u00fchrung und narrativ. Sein Instrument, die Oud (orientalische Kurzhalslaute), hat in der arabischen Musik \u00e4hnliche Bedeutung wie das Klavier in der abendl\u00e4ndischen Kultur.\",\"breadcrumb\":{\"@id\":\"https:\\\/\\\/marwan-abado.net\\\/event\\\/raushana-2\\\/#breadcrumb\"},\"inLanguage\":\"ar\",\"potentialAction\":[{\"@type\":\"ReadAction\",\"target\":[\"https:\\\/\\\/marwan-abado.net\\\/event\\\/raushana-2\\\/\"]}]},{\"@type\":\"ImageObject\",\"inLanguage\":\"ar\",\"@id\":\"https:\\\/\\\/marwan-abado.net\\\/event\\\/raushana-2\\\/#primaryimage\",\"url\":\"https:\\\/\\\/marwan-abado.net\\\/wp-content\\\/uploads\\\/2024\\\/06\\\/lackinger-jazzit_24309447.jpg\",\"contentUrl\":\"https:\\\/\\\/marwan-abado.net\\\/wp-content\\\/uploads\\\/2024\\\/06\\\/lackinger-jazzit_24309447.jpg\",\"width\":372,\"height\":248,\"caption\":\"\u00a9Markus lackinger\"},{\"@type\":\"BreadcrumbList\",\"@id\":\"https:\\\/\\\/marwan-abado.net\\\/event\\\/raushana-2\\\/#breadcrumb\",\"itemListElement\":[{\"@type\":\"ListItem\",\"position\":1,\"name\":\"Startseite\",\"item\":\"https:\\\/\\\/marwan-abado.net\\\/ar\\\/\"},{\"@type\":\"ListItem\",\"position\":2,\"name\":\"Events\",\"item\":\"https:\\\/\\\/marwan-abado.net\\\/en\\\/events\\\/\"},{\"@type\":\"ListItem\",\"position\":3,\"name\":\"Raushana\"}]},{\"@type\":\"WebSite\",\"@id\":\"https:\\\/\\\/marwan-abado.net\\\/#website\",\"url\":\"https:\\\/\\\/marwan-abado.net\\\/\",\"name\":\"Marwan Abado\",\"description\":\"Musiker - Songwriter - Projektleiter\",\"publisher\":{\"@id\":\"https:\\\/\\\/marwan-abado.net\\\/#organization\"},\"potentialAction\":[{\"@type\":\"SearchAction\",\"target\":{\"@type\":\"EntryPoint\",\"urlTemplate\":\"https:\\\/\\\/marwan-abado.net\\\/?s={search_term_string}\"},\"query-input\":{\"@type\":\"PropertyValueSpecification\",\"valueRequired\":true,\"valueName\":\"search_term_string\"}}],\"inLanguage\":\"ar\"},{\"@type\":\"Organization\",\"@id\":\"https:\\\/\\\/marwan-abado.net\\\/#organization\",\"name\":\"Marwan Abado\",\"url\":\"https:\\\/\\\/marwan-abado.net\\\/\",\"logo\":{\"@type\":\"ImageObject\",\"inLanguage\":\"ar\",\"@id\":\"https:\\\/\\\/marwan-abado.net\\\/#\\\/schema\\\/logo\\\/image\\\/\",\"url\":\"https:\\\/\\\/marwan-abado.net\\\/wp-content\\\/uploads\\\/2020\\\/01\\\/Marwan-Abado-Oud.jpg\",\"contentUrl\":\"https:\\\/\\\/marwan-abado.net\\\/wp-content\\\/uploads\\\/2020\\\/01\\\/Marwan-Abado-Oud.jpg\",\"width\":1200,\"height\":800,\"caption\":\"Marwan Abado\"},\"image\":{\"@id\":\"https:\\\/\\\/marwan-abado.net\\\/#\\\/schema\\\/logo\\\/image\\\/\"}}]}<\/script>\n<!-- \/ Yoast SEO plugin. -->","yoast_head_json":{"title":"Konzerte - Marwan Abado","description":"Erleben Sie Marwan Abado live! Seine Musik ist klassisch formsch\u00f6n \u2013 pr\u00e4zise an Melodief\u00fchrung und narrativ. Sein Instrument, die Oud (orientalische Kurzhalslaute), hat in der arabischen Musik \u00e4hnliche Bedeutung wie das Klavier in der abendl\u00e4ndischen Kultur.","robots":{"index":"noindex","follow":"follow"},"og_locale":"ar_AR","og_type":"article","og_title":"Konzerte - Marwan Abado","og_description":"Erleben Sie Marwan Abado live! Seine Musik ist klassisch formsch\u00f6n \u2013 pr\u00e4zise an Melodief\u00fchrung und narrativ. Sein Instrument, die Oud (orientalische Kurzhalslaute), hat in der arabischen Musik \u00e4hnliche Bedeutung wie das Klavier in der abendl\u00e4ndischen Kultur.","og_url":"https:\/\/marwan-abado.net\/event\/raushana-2\/","og_site_name":"Marwan Abado","article_modified_time":"2024-06-14T13:01:53+00:00","og_image":[{"width":372,"height":248,"url":"https:\/\/marwan-abado.net\/wp-content\/uploads\/2024\/06\/lackinger-jazzit_24309447.jpg","type":"image\/jpeg"}],"twitter_card":"summary_large_image","twitter_misc":{"\u0648\u0642\u062a \u0627\u0644\u0642\u0631\u0627\u0621\u0629 \u0627\u0644\u0645\u064f\u0642\u062f\u0651\u0631":"1 \u062f\u0642\u064a\u0642\u0629"},"schema":{"@context":"https:\/\/schema.org","@graph":[{"@type":"WebPage","@id":"https:\/\/marwan-abado.net\/event\/raushana-2\/","url":"https:\/\/marwan-abado.net\/event\/raushana-2\/","name":"Konzerte - Marwan Abado","isPartOf":{"@id":"https:\/\/marwan-abado.net\/#website"},"primaryImageOfPage":{"@id":"https:\/\/marwan-abado.net\/event\/raushana-2\/#primaryimage"},"image":{"@id":"https:\/\/marwan-abado.net\/event\/raushana-2\/#primaryimage"},"thumbnailUrl":"https:\/\/marwan-abado.net\/wp-content\/uploads\/2024\/06\/lackinger-jazzit_24309447.jpg","datePublished":"2024-06-13T10:22:08+00:00","dateModified":"2024-06-14T13:01:53+00:00","description":"Erleben Sie Marwan Abado live! Seine Musik ist klassisch formsch\u00f6n \u2013 pr\u00e4zise an Melodief\u00fchrung und narrativ. Sein Instrument, die Oud (orientalische Kurzhalslaute), hat in der arabischen Musik \u00e4hnliche Bedeutung wie das Klavier in der abendl\u00e4ndischen Kultur.","breadcrumb":{"@id":"https:\/\/marwan-abado.net\/event\/raushana-2\/#breadcrumb"},"inLanguage":"ar","potentialAction":[{"@type":"ReadAction","target":["https:\/\/marwan-abado.net\/event\/raushana-2\/"]}]},{"@type":"ImageObject","inLanguage":"ar","@id":"https:\/\/marwan-abado.net\/event\/raushana-2\/#primaryimage","url":"https:\/\/marwan-abado.net\/wp-content\/uploads\/2024\/06\/lackinger-jazzit_24309447.jpg","contentUrl":"https:\/\/marwan-abado.net\/wp-content\/uploads\/2024\/06\/lackinger-jazzit_24309447.jpg","width":372,"height":248,"caption":"\u00a9Markus lackinger"},{"@type":"BreadcrumbList","@id":"https:\/\/marwan-abado.net\/event\/raushana-2\/#breadcrumb","itemListElement":[{"@type":"ListItem","position":1,"name":"Startseite","item":"https:\/\/marwan-abado.net\/ar\/"},{"@type":"ListItem","position":2,"name":"Events","item":"https:\/\/marwan-abado.net\/en\/events\/"},{"@type":"ListItem","position":3,"name":"Raushana"}]},{"@type":"WebSite","@id":"https:\/\/marwan-abado.net\/#website","url":"https:\/\/marwan-abado.net\/","name":"Marwan Abado","description":"Musiker - Songwriter - Projektleiter","publisher":{"@id":"https:\/\/marwan-abado.net\/#organization"},"potentialAction":[{"@type":"SearchAction","target":{"@type":"EntryPoint","urlTemplate":"https:\/\/marwan-abado.net\/?s={search_term_string}"},"query-input":{"@type":"PropertyValueSpecification","valueRequired":true,"valueName":"search_term_string"}}],"inLanguage":"ar"},{"@type":"Organization","@id":"https:\/\/marwan-abado.net\/#organization","name":"Marwan Abado","url":"https:\/\/marwan-abado.net\/","logo":{"@type":"ImageObject","inLanguage":"ar","@id":"https:\/\/marwan-abado.net\/#\/schema\/logo\/image\/","url":"https:\/\/marwan-abado.net\/wp-content\/uploads\/2020\/01\/Marwan-Abado-Oud.jpg","contentUrl":"https:\/\/marwan-abado.net\/wp-content\/uploads\/2020\/01\/Marwan-Abado-Oud.jpg","width":1200,"height":800,"caption":"Marwan Abado"},"image":{"@id":"https:\/\/marwan-abado.net\/#\/schema\/logo\/image\/"}}]}},"_links":{"self":[{"href":"https:\/\/marwan-abado.net\/ar\/wp-json\/wp\/v2\/tribe_events\/3711","targetHints":{"allow":["GET"]}}],"collection":[{"href":"https:\/\/marwan-abado.net\/ar\/wp-json\/wp\/v2\/tribe_events"}],"about":[{"href":"https:\/\/marwan-abado.net\/ar\/wp-json\/wp\/v2\/types\/tribe_events"}],"author":[{"embeddable":true,"href":"https:\/\/marwan-abado.net\/ar\/wp-json\/wp\/v2\/users\/2"}],"version-history":[{"count":2,"href":"https:\/\/marwan-abado.net\/ar\/wp-json\/wp\/v2\/tribe_events\/3711\/revisions"}],"predecessor-version":[{"id":3718,"href":"https:\/\/marwan-abado.net\/ar\/wp-json\/wp\/v2\/tribe_events\/3711\/revisions\/3718"}],"wp:featuredmedia":[{"embeddable":true,"href":"https:\/\/marwan-abado.net\/ar\/wp-json\/wp\/v2\/media\/3715"}],"wp:attachment":[{"href":"https:\/\/marwan-abado.net\/ar\/wp-json\/wp\/v2\/media?parent=3711"}],"wp:term":[{"taxonomy":"post_tag","embeddable":true,"href":"https:\/\/marwan-abado.net\/ar\/wp-json\/wp\/v2\/tags?post=3711"},{"taxonomy":"tribe_events_cat","embeddable":true,"href":"https:\/\/marwan-abado.net\/ar\/wp-json\/wp\/v2\/tribe_events_cat?post=3711"}],"curies":[{"name":"wp","href":"https:\/\/api.w.org\/{rel}","templated":true}]}}