{"id":3510,"date":"2023-11-01T13:16:36","date_gmt":"2023-11-01T12:16:36","guid":{"rendered":"https:\/\/marwan-abado.net\/?post_type=tribe_events&#038;p=3510"},"modified":"2023-11-01T13:35:41","modified_gmt":"2023-11-01T12:35:41","slug":"vielgeschichtig-praesentiert-marwan-abado-solo-ensemble-longa-vienna","status":"publish","type":"tribe_events","link":"https:\/\/marwan-abado.net\/en\/event\/vielgeschichtig-praesentiert-marwan-abado-solo-ensemble-longa-vienna\/","title":{"rendered":"Vielgeschichtig pr\u00e4sentiert- Marwan Abado Solo &#038; Ensemble &#8220;Longa Vienna&#8221;"},"content":{"rendered":"<p>Geschichte(n) sind immer anders, je nachdem, wer sie wem erz\u00e4hlt, wer dabei zuh\u00f6rt und versucht, zu verstehen. Genau das wird sp\u00fcrbar, wenn man sich auf die Videos in der Ausstellung \u201eVielgeschichtig 6 Portraits | 31 Gespr\u00e4che | 6 Sprachen\u201c einl\u00e4sst, die vom 5.10.23 bis zum 18.2.24 am Alma Ros\u00e9-Plateau im Haus der Geschichte \u00d6sterreich in der Hofburg zu sehen ist.<\/p>\n<p>&nbsp;<\/p>\n<p>&nbsp;<\/p>\n<p>Wie sich die Erz\u00e4hlungen ver\u00e4ndern,\u00a0 wenn sie einem Familienmitglied oder einer fremden Person in verschiedenen Sprachen erz\u00e4hlt und von diesen geh\u00f6rt werden, wird mit k\u00fcnstlerischen Mitteln erforscht. Genau f\u00fcr diese Fragen hat der K\u00fcnstler Friedemann Derschmidt die Methode des synoptischen Portraits entwickelt. Diese kann dort erlebt werden.<\/p>\n<p>Dem Musiker Marwan Abado ist eines der sechs Portr\u00e4ts in der Rauminstallation gewidmet und die Musiker:innen Jon Sass, Jelena Poprzan und Adrian Gaspar haben in anderen Portraits als Gespr\u00e4chspartner mitgewirkt.<\/p>\n<p>In diesem Kontext widmet das Porgy&amp;Bess den vier K\u00fcnstler:innen und der Ausstellung \u201eVielgeschichtig\u201c eine Reihe mit gleichlautendem Namen.<\/p>\n<p>Vielgeschichtig wurde kuratiert von Alaa Alkurdi, Karin Schneider und Anne Pritchard-Smith und ist ein Ergebnis des von der Stadt Wien gef\u00f6rderten kunstbasierten Forschungsprojekts \u201esynoptic Storytelling in a multidirectional Vienna\u201c. (Friedemann Derschmidt)<\/p>\n","protected":false},"excerpt":{"rendered":"<p>Geschichte(n) sind immer anders, je nachdem, wer sie wem erz\u00e4hlt, wer dabei zuh\u00f6rt und versucht, zu verstehen. Genau das wird sp\u00fcrbar, wenn man sich auf die Videos in der Ausstellung \u201eVielgeschichtig 6 Portraits | 31 Gespr\u00e4che | 6 Sprachen\u201c einl\u00e4sst, die vom 5.10.23 bis zum 18.2.24 am Alma Ros\u00e9-Plateau im&#8230;<\/p>\n","protected":false},"author":2,"featured_media":3511,"template":"","meta":{"_tribe_events_status":"","_tribe_events_status_reason":"","footnotes":""},"tags":[],"tribe_events_cat":[66],"class_list":["post-3510","tribe_events","type-tribe_events","status-publish","has-post-thumbnail","hentry","tribe_events_cat-konzerte","cat_konzerte"],"yoast_head":"<!-- This site is optimized with the Yoast SEO plugin v27.5 - https:\/\/yoast.com\/product\/yoast-seo-wordpress\/ -->\n<title>Konzerte - Marwan Abado<\/title>\n<meta name=\"description\" content=\"Erleben Sie Marwan Abado live! Seine Musik ist klassisch formsch\u00f6n \u2013 pr\u00e4zise an Melodief\u00fchrung und narrativ. Sein Instrument, die Oud (orientalische Kurzhalslaute), hat in der arabischen Musik \u00e4hnliche Bedeutung wie das Klavier in der abendl\u00e4ndischen Kultur.\" \/>\n<meta name=\"robots\" content=\"noindex, follow\" \/>\n<meta property=\"og:locale\" content=\"en_US\" \/>\n<meta property=\"og:type\" content=\"article\" \/>\n<meta property=\"og:title\" content=\"Konzerte - Marwan Abado\" \/>\n<meta property=\"og:description\" content=\"Erleben Sie Marwan Abado live! Seine Musik ist klassisch formsch\u00f6n \u2013 pr\u00e4zise an Melodief\u00fchrung und narrativ. Sein Instrument, die Oud (orientalische Kurzhalslaute), hat in der arabischen Musik \u00e4hnliche Bedeutung wie das Klavier in der abendl\u00e4ndischen Kultur.\" \/>\n<meta property=\"og:url\" content=\"https:\/\/marwan-abado.net\/event\/vielgeschichtig-praesentiert-marwan-abado-solo-ensemble-longa-vienna\/\" \/>\n<meta property=\"og:site_name\" content=\"Marwan Abado\" \/>\n<meta property=\"article:modified_time\" content=\"2023-11-01T12:35:41+00:00\" \/>\n<meta property=\"og:image\" content=\"https:\/\/marwan-abado.net\/wp-content\/uploads\/2023\/11\/1689676549_irh0tv9szeb.jpg\" \/>\n\t<meta property=\"og:image:width\" content=\"1000\" \/>\n\t<meta property=\"og:image:height\" content=\"729\" \/>\n\t<meta property=\"og:image:type\" content=\"image\/jpeg\" \/>\n<meta name=\"twitter:card\" content=\"summary_large_image\" \/>\n<meta name=\"twitter:label1\" content=\"Est. reading time\" \/>\n\t<meta name=\"twitter:data1\" content=\"1 minute\" \/>\n<script type=\"application\/ld+json\" class=\"yoast-schema-graph\">{\"@context\":\"https:\\\/\\\/schema.org\",\"@graph\":[{\"@type\":\"WebPage\",\"@id\":\"https:\\\/\\\/marwan-abado.net\\\/event\\\/vielgeschichtig-praesentiert-marwan-abado-solo-ensemble-longa-vienna\\\/\",\"url\":\"https:\\\/\\\/marwan-abado.net\\\/event\\\/vielgeschichtig-praesentiert-marwan-abado-solo-ensemble-longa-vienna\\\/\",\"name\":\"Konzerte - Marwan Abado\",\"isPartOf\":{\"@id\":\"https:\\\/\\\/marwan-abado.net\\\/#website\"},\"primaryImageOfPage\":{\"@id\":\"https:\\\/\\\/marwan-abado.net\\\/event\\\/vielgeschichtig-praesentiert-marwan-abado-solo-ensemble-longa-vienna\\\/#primaryimage\"},\"image\":{\"@id\":\"https:\\\/\\\/marwan-abado.net\\\/event\\\/vielgeschichtig-praesentiert-marwan-abado-solo-ensemble-longa-vienna\\\/#primaryimage\"},\"thumbnailUrl\":\"https:\\\/\\\/marwan-abado.net\\\/wp-content\\\/uploads\\\/2023\\\/11\\\/1689676549_irh0tv9szeb.jpg\",\"datePublished\":\"2023-11-01T12:16:36+00:00\",\"dateModified\":\"2023-11-01T12:35:41+00:00\",\"description\":\"Erleben Sie Marwan Abado live! Seine Musik ist klassisch formsch\u00f6n \u2013 pr\u00e4zise an Melodief\u00fchrung und narrativ. Sein Instrument, die Oud (orientalische Kurzhalslaute), hat in der arabischen Musik \u00e4hnliche Bedeutung wie das Klavier in der abendl\u00e4ndischen Kultur.\",\"breadcrumb\":{\"@id\":\"https:\\\/\\\/marwan-abado.net\\\/event\\\/vielgeschichtig-praesentiert-marwan-abado-solo-ensemble-longa-vienna\\\/#breadcrumb\"},\"inLanguage\":\"en-US\",\"potentialAction\":[{\"@type\":\"ReadAction\",\"target\":[\"https:\\\/\\\/marwan-abado.net\\\/event\\\/vielgeschichtig-praesentiert-marwan-abado-solo-ensemble-longa-vienna\\\/\"]}]},{\"@type\":\"ImageObject\",\"inLanguage\":\"en-US\",\"@id\":\"https:\\\/\\\/marwan-abado.net\\\/event\\\/vielgeschichtig-praesentiert-marwan-abado-solo-ensemble-longa-vienna\\\/#primaryimage\",\"url\":\"https:\\\/\\\/marwan-abado.net\\\/wp-content\\\/uploads\\\/2023\\\/11\\\/1689676549_irh0tv9szeb.jpg\",\"contentUrl\":\"https:\\\/\\\/marwan-abado.net\\\/wp-content\\\/uploads\\\/2023\\\/11\\\/1689676549_irh0tv9szeb.jpg\",\"width\":1000,\"height\":729},{\"@type\":\"BreadcrumbList\",\"@id\":\"https:\\\/\\\/marwan-abado.net\\\/event\\\/vielgeschichtig-praesentiert-marwan-abado-solo-ensemble-longa-vienna\\\/#breadcrumb\",\"itemListElement\":[{\"@type\":\"ListItem\",\"position\":1,\"name\":\"Startseite\",\"item\":\"https:\\\/\\\/marwan-abado.net\\\/en\\\/\"},{\"@type\":\"ListItem\",\"position\":2,\"name\":\"Events\",\"item\":\"https:\\\/\\\/marwan-abado.net\\\/en\\\/events\\\/\"},{\"@type\":\"ListItem\",\"position\":3,\"name\":\"Vielgeschichtig pr\u00e4sentiert- Marwan Abado Solo &#038; Ensemble &#8222;Longa Vienna&#8220;\"}]},{\"@type\":\"WebSite\",\"@id\":\"https:\\\/\\\/marwan-abado.net\\\/#website\",\"url\":\"https:\\\/\\\/marwan-abado.net\\\/\",\"name\":\"Marwan Abado\",\"description\":\"Musiker - Songwriter - Projektleiter\",\"publisher\":{\"@id\":\"https:\\\/\\\/marwan-abado.net\\\/#organization\"},\"potentialAction\":[{\"@type\":\"SearchAction\",\"target\":{\"@type\":\"EntryPoint\",\"urlTemplate\":\"https:\\\/\\\/marwan-abado.net\\\/?s={search_term_string}\"},\"query-input\":{\"@type\":\"PropertyValueSpecification\",\"valueRequired\":true,\"valueName\":\"search_term_string\"}}],\"inLanguage\":\"en-US\"},{\"@type\":\"Organization\",\"@id\":\"https:\\\/\\\/marwan-abado.net\\\/#organization\",\"name\":\"Marwan Abado\",\"url\":\"https:\\\/\\\/marwan-abado.net\\\/\",\"logo\":{\"@type\":\"ImageObject\",\"inLanguage\":\"en-US\",\"@id\":\"https:\\\/\\\/marwan-abado.net\\\/#\\\/schema\\\/logo\\\/image\\\/\",\"url\":\"https:\\\/\\\/marwan-abado.net\\\/wp-content\\\/uploads\\\/2020\\\/01\\\/Marwan-Abado-Oud.jpg\",\"contentUrl\":\"https:\\\/\\\/marwan-abado.net\\\/wp-content\\\/uploads\\\/2020\\\/01\\\/Marwan-Abado-Oud.jpg\",\"width\":1200,\"height\":800,\"caption\":\"Marwan Abado\"},\"image\":{\"@id\":\"https:\\\/\\\/marwan-abado.net\\\/#\\\/schema\\\/logo\\\/image\\\/\"}}]}<\/script>\n<!-- \/ Yoast SEO plugin. -->","yoast_head_json":{"title":"Konzerte - Marwan Abado","description":"Erleben Sie Marwan Abado live! Seine Musik ist klassisch formsch\u00f6n \u2013 pr\u00e4zise an Melodief\u00fchrung und narrativ. Sein Instrument, die Oud (orientalische Kurzhalslaute), hat in der arabischen Musik \u00e4hnliche Bedeutung wie das Klavier in der abendl\u00e4ndischen Kultur.","robots":{"index":"noindex","follow":"follow"},"og_locale":"en_US","og_type":"article","og_title":"Konzerte - Marwan Abado","og_description":"Erleben Sie Marwan Abado live! Seine Musik ist klassisch formsch\u00f6n \u2013 pr\u00e4zise an Melodief\u00fchrung und narrativ. Sein Instrument, die Oud (orientalische Kurzhalslaute), hat in der arabischen Musik \u00e4hnliche Bedeutung wie das Klavier in der abendl\u00e4ndischen Kultur.","og_url":"https:\/\/marwan-abado.net\/event\/vielgeschichtig-praesentiert-marwan-abado-solo-ensemble-longa-vienna\/","og_site_name":"Marwan Abado","article_modified_time":"2023-11-01T12:35:41+00:00","og_image":[{"width":1000,"height":729,"url":"https:\/\/marwan-abado.net\/wp-content\/uploads\/2023\/11\/1689676549_irh0tv9szeb.jpg","type":"image\/jpeg"}],"twitter_card":"summary_large_image","twitter_misc":{"Est. reading time":"1 minute"},"schema":{"@context":"https:\/\/schema.org","@graph":[{"@type":"WebPage","@id":"https:\/\/marwan-abado.net\/event\/vielgeschichtig-praesentiert-marwan-abado-solo-ensemble-longa-vienna\/","url":"https:\/\/marwan-abado.net\/event\/vielgeschichtig-praesentiert-marwan-abado-solo-ensemble-longa-vienna\/","name":"Konzerte - Marwan Abado","isPartOf":{"@id":"https:\/\/marwan-abado.net\/#website"},"primaryImageOfPage":{"@id":"https:\/\/marwan-abado.net\/event\/vielgeschichtig-praesentiert-marwan-abado-solo-ensemble-longa-vienna\/#primaryimage"},"image":{"@id":"https:\/\/marwan-abado.net\/event\/vielgeschichtig-praesentiert-marwan-abado-solo-ensemble-longa-vienna\/#primaryimage"},"thumbnailUrl":"https:\/\/marwan-abado.net\/wp-content\/uploads\/2023\/11\/1689676549_irh0tv9szeb.jpg","datePublished":"2023-11-01T12:16:36+00:00","dateModified":"2023-11-01T12:35:41+00:00","description":"Erleben Sie Marwan Abado live! Seine Musik ist klassisch formsch\u00f6n \u2013 pr\u00e4zise an Melodief\u00fchrung und narrativ. Sein Instrument, die Oud (orientalische Kurzhalslaute), hat in der arabischen Musik \u00e4hnliche Bedeutung wie das Klavier in der abendl\u00e4ndischen Kultur.","breadcrumb":{"@id":"https:\/\/marwan-abado.net\/event\/vielgeschichtig-praesentiert-marwan-abado-solo-ensemble-longa-vienna\/#breadcrumb"},"inLanguage":"en-US","potentialAction":[{"@type":"ReadAction","target":["https:\/\/marwan-abado.net\/event\/vielgeschichtig-praesentiert-marwan-abado-solo-ensemble-longa-vienna\/"]}]},{"@type":"ImageObject","inLanguage":"en-US","@id":"https:\/\/marwan-abado.net\/event\/vielgeschichtig-praesentiert-marwan-abado-solo-ensemble-longa-vienna\/#primaryimage","url":"https:\/\/marwan-abado.net\/wp-content\/uploads\/2023\/11\/1689676549_irh0tv9szeb.jpg","contentUrl":"https:\/\/marwan-abado.net\/wp-content\/uploads\/2023\/11\/1689676549_irh0tv9szeb.jpg","width":1000,"height":729},{"@type":"BreadcrumbList","@id":"https:\/\/marwan-abado.net\/event\/vielgeschichtig-praesentiert-marwan-abado-solo-ensemble-longa-vienna\/#breadcrumb","itemListElement":[{"@type":"ListItem","position":1,"name":"Startseite","item":"https:\/\/marwan-abado.net\/en\/"},{"@type":"ListItem","position":2,"name":"Events","item":"https:\/\/marwan-abado.net\/en\/events\/"},{"@type":"ListItem","position":3,"name":"Vielgeschichtig pr\u00e4sentiert- Marwan Abado Solo &#038; Ensemble &#8222;Longa Vienna&#8220;"}]},{"@type":"WebSite","@id":"https:\/\/marwan-abado.net\/#website","url":"https:\/\/marwan-abado.net\/","name":"Marwan Abado","description":"Musiker - Songwriter - Projektleiter","publisher":{"@id":"https:\/\/marwan-abado.net\/#organization"},"potentialAction":[{"@type":"SearchAction","target":{"@type":"EntryPoint","urlTemplate":"https:\/\/marwan-abado.net\/?s={search_term_string}"},"query-input":{"@type":"PropertyValueSpecification","valueRequired":true,"valueName":"search_term_string"}}],"inLanguage":"en-US"},{"@type":"Organization","@id":"https:\/\/marwan-abado.net\/#organization","name":"Marwan Abado","url":"https:\/\/marwan-abado.net\/","logo":{"@type":"ImageObject","inLanguage":"en-US","@id":"https:\/\/marwan-abado.net\/#\/schema\/logo\/image\/","url":"https:\/\/marwan-abado.net\/wp-content\/uploads\/2020\/01\/Marwan-Abado-Oud.jpg","contentUrl":"https:\/\/marwan-abado.net\/wp-content\/uploads\/2020\/01\/Marwan-Abado-Oud.jpg","width":1200,"height":800,"caption":"Marwan Abado"},"image":{"@id":"https:\/\/marwan-abado.net\/#\/schema\/logo\/image\/"}}]}},"_links":{"self":[{"href":"https:\/\/marwan-abado.net\/en\/wp-json\/wp\/v2\/tribe_events\/3510","targetHints":{"allow":["GET"]}}],"collection":[{"href":"https:\/\/marwan-abado.net\/en\/wp-json\/wp\/v2\/tribe_events"}],"about":[{"href":"https:\/\/marwan-abado.net\/en\/wp-json\/wp\/v2\/types\/tribe_events"}],"author":[{"embeddable":true,"href":"https:\/\/marwan-abado.net\/en\/wp-json\/wp\/v2\/users\/2"}],"version-history":[{"count":1,"href":"https:\/\/marwan-abado.net\/en\/wp-json\/wp\/v2\/tribe_events\/3510\/revisions"}],"predecessor-version":[{"id":3514,"href":"https:\/\/marwan-abado.net\/en\/wp-json\/wp\/v2\/tribe_events\/3510\/revisions\/3514"}],"wp:featuredmedia":[{"embeddable":true,"href":"https:\/\/marwan-abado.net\/en\/wp-json\/wp\/v2\/media\/3511"}],"wp:attachment":[{"href":"https:\/\/marwan-abado.net\/en\/wp-json\/wp\/v2\/media?parent=3510"}],"wp:term":[{"taxonomy":"post_tag","embeddable":true,"href":"https:\/\/marwan-abado.net\/en\/wp-json\/wp\/v2\/tags?post=3510"},{"taxonomy":"tribe_events_cat","embeddable":true,"href":"https:\/\/marwan-abado.net\/en\/wp-json\/wp\/v2\/tribe_events_cat?post=3510"}],"curies":[{"name":"wp","href":"https:\/\/api.w.org\/{rel}","templated":true}]}}