{"id":3698,"date":"2024-05-30T16:05:52","date_gmt":"2024-05-30T14:05:52","guid":{"rendered":"https:\/\/marwan-abado.net\/?post_type=tribe_events&#038;p=3698"},"modified":"2024-05-30T16:06:12","modified_gmt":"2024-05-30T14:06:12","slug":"standing-together-vienna","status":"publish","type":"tribe_events","link":"https:\/\/marwan-abado.net\/en\/event\/standing-together-vienna\/","title":{"rendered":"STANDING TOGETHER VIENNA"},"content":{"rendered":"<p>GEDENKKONZERT F\u00dcR ALLE PAL\u00c4STINENSISCHEN UND ISRAELISCHEN OPFER<\/p>\n<p><em>Standing Together Vienna<\/em>, eine j\u00fcdisch-arabische Friedensinitiative, reagiert auf das grausame Geschehen seit dem 7. Oktober, einschlie\u00dflich des Massakers durch die Hamas und die darauffolgenden Massaker durch die israelische Armee in Gaza. Die Initiative hat regelm\u00e4\u00dfig Mahnwachen im Gedenken an alle zivilen Opfer der Gewalt abgehalten, und fordert einen sofortigen Waffenstillstand, eine Einigung zur Befreiung der Geiseln sowie Frieden, Gerechtigkeit und Schutz f\u00fcr alle Menschen in Israel und Pal\u00e4stina.<\/p>\n<p>Dieser Konzertabend versammelt f\u00fcnf K\u00fcnstler_innen, die regelm\u00e4\u00dfig bei den Veranstaltungen von <em>Standing Together Vienna<\/em> auftreten und sich f\u00fcr Menschlichkeit sowie ein friedliches Miteinander stark machen. Der Abend beginnt mit einer Schweigeminute f\u00fcr alle pal\u00e4stinensischen und israelischen Opfer und m\u00fcndet dann in eine Lesung aus \u201eOrangen aus Jaffa: Eine wahre Geschichte \u00fcber das Ende der goldenen \u00c4ra Pal\u00e4stinas\u201c der pal\u00e4stinensischen Autorin Nadine Sayegh. Es folgen Soloauftritte von Isabel Frey, jiddische S\u00e4ngerin und Mitgr\u00fcnderin von Standing Together Vienna, Marwan Abado, pal\u00e4stinensischer Oud-Spieler, Komponist und S\u00e4nger, Benjy Fox-Rosen, amerikanisch-j\u00fcdischer Bassist, Komponist und S\u00e4nger, Sak\u00eena Teyna, kurdische S\u00e4ngerin, begleitet vom Gitarristen Marko Ferlan.<\/p>\n<p>Wir laden Sie herzlich ein, sich uns anzuschlie\u00dfen und ein Zeichen f\u00fcr Frieden und Menschlichkeit zu setzen!<\/p>\n","protected":false},"excerpt":{"rendered":"<p>Lesung-Musik-Politik<\/p>\n","protected":false},"author":2,"featured_media":3699,"template":"","meta":{"_tribe_events_status":"","_tribe_events_status_reason":"","footnotes":""},"tags":[],"tribe_events_cat":[66],"class_list":["post-3698","tribe_events","type-tribe_events","status-publish","has-post-thumbnail","hentry","tribe_events_cat-konzerte","cat_konzerte"],"yoast_head":"<!-- This site is optimized with the Yoast SEO plugin v27.5 - https:\/\/yoast.com\/product\/yoast-seo-wordpress\/ -->\n<title>Konzerte - Marwan Abado<\/title>\n<meta name=\"description\" content=\"Erleben Sie Marwan Abado live! Seine Musik ist klassisch formsch\u00f6n \u2013 pr\u00e4zise an Melodief\u00fchrung und narrativ. Sein Instrument, die Oud (orientalische Kurzhalslaute), hat in der arabischen Musik \u00e4hnliche Bedeutung wie das Klavier in der abendl\u00e4ndischen Kultur.\" \/>\n<meta name=\"robots\" content=\"noindex, follow\" \/>\n<meta property=\"og:locale\" content=\"en_US\" \/>\n<meta property=\"og:type\" content=\"article\" \/>\n<meta property=\"og:title\" content=\"Konzerte - Marwan Abado\" \/>\n<meta property=\"og:description\" content=\"Erleben Sie Marwan Abado live! Seine Musik ist klassisch formsch\u00f6n \u2013 pr\u00e4zise an Melodief\u00fchrung und narrativ. Sein Instrument, die Oud (orientalische Kurzhalslaute), hat in der arabischen Musik \u00e4hnliche Bedeutung wie das Klavier in der abendl\u00e4ndischen Kultur.\" \/>\n<meta property=\"og:url\" content=\"https:\/\/marwan-abado.net\/event\/standing-together-vienna\/\" \/>\n<meta property=\"og:site_name\" content=\"Marwan Abado\" \/>\n<meta property=\"article:modified_time\" content=\"2024-05-30T14:06:12+00:00\" \/>\n<meta property=\"og:image\" content=\"https:\/\/marwan-abado.net\/wp-content\/uploads\/2024\/05\/csm_Standing_together_bb27acb507.jpg\" \/>\n\t<meta property=\"og:image:width\" content=\"1340\" \/>\n\t<meta property=\"og:image:height\" content=\"515\" \/>\n\t<meta property=\"og:image:type\" content=\"image\/jpeg\" \/>\n<meta name=\"twitter:card\" content=\"summary_large_image\" \/>\n<meta name=\"twitter:label1\" content=\"Est. reading time\" \/>\n\t<meta name=\"twitter:data1\" content=\"1 minute\" \/>\n<script type=\"application\/ld+json\" class=\"yoast-schema-graph\">{\"@context\":\"https:\\\/\\\/schema.org\",\"@graph\":[{\"@type\":\"WebPage\",\"@id\":\"https:\\\/\\\/marwan-abado.net\\\/event\\\/standing-together-vienna\\\/\",\"url\":\"https:\\\/\\\/marwan-abado.net\\\/event\\\/standing-together-vienna\\\/\",\"name\":\"Konzerte - Marwan Abado\",\"isPartOf\":{\"@id\":\"https:\\\/\\\/marwan-abado.net\\\/#website\"},\"primaryImageOfPage\":{\"@id\":\"https:\\\/\\\/marwan-abado.net\\\/event\\\/standing-together-vienna\\\/#primaryimage\"},\"image\":{\"@id\":\"https:\\\/\\\/marwan-abado.net\\\/event\\\/standing-together-vienna\\\/#primaryimage\"},\"thumbnailUrl\":\"https:\\\/\\\/marwan-abado.net\\\/wp-content\\\/uploads\\\/2024\\\/05\\\/csm_Standing_together_bb27acb507.jpg\",\"datePublished\":\"2024-05-30T14:05:52+00:00\",\"dateModified\":\"2024-05-30T14:06:12+00:00\",\"description\":\"Erleben Sie Marwan Abado live! Seine Musik ist klassisch formsch\u00f6n \u2013 pr\u00e4zise an Melodief\u00fchrung und narrativ. Sein Instrument, die Oud (orientalische Kurzhalslaute), hat in der arabischen Musik \u00e4hnliche Bedeutung wie das Klavier in der abendl\u00e4ndischen Kultur.\",\"breadcrumb\":{\"@id\":\"https:\\\/\\\/marwan-abado.net\\\/event\\\/standing-together-vienna\\\/#breadcrumb\"},\"inLanguage\":\"en-US\",\"potentialAction\":[{\"@type\":\"ReadAction\",\"target\":[\"https:\\\/\\\/marwan-abado.net\\\/event\\\/standing-together-vienna\\\/\"]}]},{\"@type\":\"ImageObject\",\"inLanguage\":\"en-US\",\"@id\":\"https:\\\/\\\/marwan-abado.net\\\/event\\\/standing-together-vienna\\\/#primaryimage\",\"url\":\"https:\\\/\\\/marwan-abado.net\\\/wp-content\\\/uploads\\\/2024\\\/05\\\/csm_Standing_together_bb27acb507.jpg\",\"contentUrl\":\"https:\\\/\\\/marwan-abado.net\\\/wp-content\\\/uploads\\\/2024\\\/05\\\/csm_Standing_together_bb27acb507.jpg\",\"width\":1340,\"height\":515},{\"@type\":\"BreadcrumbList\",\"@id\":\"https:\\\/\\\/marwan-abado.net\\\/event\\\/standing-together-vienna\\\/#breadcrumb\",\"itemListElement\":[{\"@type\":\"ListItem\",\"position\":1,\"name\":\"Startseite\",\"item\":\"https:\\\/\\\/marwan-abado.net\\\/en\\\/\"},{\"@type\":\"ListItem\",\"position\":2,\"name\":\"Events\",\"item\":\"https:\\\/\\\/marwan-abado.net\\\/en\\\/events\\\/\"},{\"@type\":\"ListItem\",\"position\":3,\"name\":\"STANDING TOGETHER VIENNA\"}]},{\"@type\":\"WebSite\",\"@id\":\"https:\\\/\\\/marwan-abado.net\\\/#website\",\"url\":\"https:\\\/\\\/marwan-abado.net\\\/\",\"name\":\"Marwan Abado\",\"description\":\"Musiker - Songwriter - Projektleiter\",\"publisher\":{\"@id\":\"https:\\\/\\\/marwan-abado.net\\\/#organization\"},\"potentialAction\":[{\"@type\":\"SearchAction\",\"target\":{\"@type\":\"EntryPoint\",\"urlTemplate\":\"https:\\\/\\\/marwan-abado.net\\\/?s={search_term_string}\"},\"query-input\":{\"@type\":\"PropertyValueSpecification\",\"valueRequired\":true,\"valueName\":\"search_term_string\"}}],\"inLanguage\":\"en-US\"},{\"@type\":\"Organization\",\"@id\":\"https:\\\/\\\/marwan-abado.net\\\/#organization\",\"name\":\"Marwan Abado\",\"url\":\"https:\\\/\\\/marwan-abado.net\\\/\",\"logo\":{\"@type\":\"ImageObject\",\"inLanguage\":\"en-US\",\"@id\":\"https:\\\/\\\/marwan-abado.net\\\/#\\\/schema\\\/logo\\\/image\\\/\",\"url\":\"https:\\\/\\\/marwan-abado.net\\\/wp-content\\\/uploads\\\/2020\\\/01\\\/Marwan-Abado-Oud.jpg\",\"contentUrl\":\"https:\\\/\\\/marwan-abado.net\\\/wp-content\\\/uploads\\\/2020\\\/01\\\/Marwan-Abado-Oud.jpg\",\"width\":1200,\"height\":800,\"caption\":\"Marwan Abado\"},\"image\":{\"@id\":\"https:\\\/\\\/marwan-abado.net\\\/#\\\/schema\\\/logo\\\/image\\\/\"}}]}<\/script>\n<!-- \/ Yoast SEO plugin. -->","yoast_head_json":{"title":"Konzerte - Marwan Abado","description":"Erleben Sie Marwan Abado live! Seine Musik ist klassisch formsch\u00f6n \u2013 pr\u00e4zise an Melodief\u00fchrung und narrativ. Sein Instrument, die Oud (orientalische Kurzhalslaute), hat in der arabischen Musik \u00e4hnliche Bedeutung wie das Klavier in der abendl\u00e4ndischen Kultur.","robots":{"index":"noindex","follow":"follow"},"og_locale":"en_US","og_type":"article","og_title":"Konzerte - Marwan Abado","og_description":"Erleben Sie Marwan Abado live! Seine Musik ist klassisch formsch\u00f6n \u2013 pr\u00e4zise an Melodief\u00fchrung und narrativ. Sein Instrument, die Oud (orientalische Kurzhalslaute), hat in der arabischen Musik \u00e4hnliche Bedeutung wie das Klavier in der abendl\u00e4ndischen Kultur.","og_url":"https:\/\/marwan-abado.net\/event\/standing-together-vienna\/","og_site_name":"Marwan Abado","article_modified_time":"2024-05-30T14:06:12+00:00","og_image":[{"width":1340,"height":515,"url":"https:\/\/marwan-abado.net\/wp-content\/uploads\/2024\/05\/csm_Standing_together_bb27acb507.jpg","type":"image\/jpeg"}],"twitter_card":"summary_large_image","twitter_misc":{"Est. reading time":"1 minute"},"schema":{"@context":"https:\/\/schema.org","@graph":[{"@type":"WebPage","@id":"https:\/\/marwan-abado.net\/event\/standing-together-vienna\/","url":"https:\/\/marwan-abado.net\/event\/standing-together-vienna\/","name":"Konzerte - Marwan Abado","isPartOf":{"@id":"https:\/\/marwan-abado.net\/#website"},"primaryImageOfPage":{"@id":"https:\/\/marwan-abado.net\/event\/standing-together-vienna\/#primaryimage"},"image":{"@id":"https:\/\/marwan-abado.net\/event\/standing-together-vienna\/#primaryimage"},"thumbnailUrl":"https:\/\/marwan-abado.net\/wp-content\/uploads\/2024\/05\/csm_Standing_together_bb27acb507.jpg","datePublished":"2024-05-30T14:05:52+00:00","dateModified":"2024-05-30T14:06:12+00:00","description":"Erleben Sie Marwan Abado live! Seine Musik ist klassisch formsch\u00f6n \u2013 pr\u00e4zise an Melodief\u00fchrung und narrativ. Sein Instrument, die Oud (orientalische Kurzhalslaute), hat in der arabischen Musik \u00e4hnliche Bedeutung wie das Klavier in der abendl\u00e4ndischen Kultur.","breadcrumb":{"@id":"https:\/\/marwan-abado.net\/event\/standing-together-vienna\/#breadcrumb"},"inLanguage":"en-US","potentialAction":[{"@type":"ReadAction","target":["https:\/\/marwan-abado.net\/event\/standing-together-vienna\/"]}]},{"@type":"ImageObject","inLanguage":"en-US","@id":"https:\/\/marwan-abado.net\/event\/standing-together-vienna\/#primaryimage","url":"https:\/\/marwan-abado.net\/wp-content\/uploads\/2024\/05\/csm_Standing_together_bb27acb507.jpg","contentUrl":"https:\/\/marwan-abado.net\/wp-content\/uploads\/2024\/05\/csm_Standing_together_bb27acb507.jpg","width":1340,"height":515},{"@type":"BreadcrumbList","@id":"https:\/\/marwan-abado.net\/event\/standing-together-vienna\/#breadcrumb","itemListElement":[{"@type":"ListItem","position":1,"name":"Startseite","item":"https:\/\/marwan-abado.net\/en\/"},{"@type":"ListItem","position":2,"name":"Events","item":"https:\/\/marwan-abado.net\/en\/events\/"},{"@type":"ListItem","position":3,"name":"STANDING TOGETHER VIENNA"}]},{"@type":"WebSite","@id":"https:\/\/marwan-abado.net\/#website","url":"https:\/\/marwan-abado.net\/","name":"Marwan Abado","description":"Musiker - Songwriter - Projektleiter","publisher":{"@id":"https:\/\/marwan-abado.net\/#organization"},"potentialAction":[{"@type":"SearchAction","target":{"@type":"EntryPoint","urlTemplate":"https:\/\/marwan-abado.net\/?s={search_term_string}"},"query-input":{"@type":"PropertyValueSpecification","valueRequired":true,"valueName":"search_term_string"}}],"inLanguage":"en-US"},{"@type":"Organization","@id":"https:\/\/marwan-abado.net\/#organization","name":"Marwan Abado","url":"https:\/\/marwan-abado.net\/","logo":{"@type":"ImageObject","inLanguage":"en-US","@id":"https:\/\/marwan-abado.net\/#\/schema\/logo\/image\/","url":"https:\/\/marwan-abado.net\/wp-content\/uploads\/2020\/01\/Marwan-Abado-Oud.jpg","contentUrl":"https:\/\/marwan-abado.net\/wp-content\/uploads\/2020\/01\/Marwan-Abado-Oud.jpg","width":1200,"height":800,"caption":"Marwan Abado"},"image":{"@id":"https:\/\/marwan-abado.net\/#\/schema\/logo\/image\/"}}]}},"_links":{"self":[{"href":"https:\/\/marwan-abado.net\/en\/wp-json\/wp\/v2\/tribe_events\/3698","targetHints":{"allow":["GET"]}}],"collection":[{"href":"https:\/\/marwan-abado.net\/en\/wp-json\/wp\/v2\/tribe_events"}],"about":[{"href":"https:\/\/marwan-abado.net\/en\/wp-json\/wp\/v2\/types\/tribe_events"}],"author":[{"embeddable":true,"href":"https:\/\/marwan-abado.net\/en\/wp-json\/wp\/v2\/users\/2"}],"version-history":[{"count":1,"href":"https:\/\/marwan-abado.net\/en\/wp-json\/wp\/v2\/tribe_events\/3698\/revisions"}],"predecessor-version":[{"id":3703,"href":"https:\/\/marwan-abado.net\/en\/wp-json\/wp\/v2\/tribe_events\/3698\/revisions\/3703"}],"wp:featuredmedia":[{"embeddable":true,"href":"https:\/\/marwan-abado.net\/en\/wp-json\/wp\/v2\/media\/3699"}],"wp:attachment":[{"href":"https:\/\/marwan-abado.net\/en\/wp-json\/wp\/v2\/media?parent=3698"}],"wp:term":[{"taxonomy":"post_tag","embeddable":true,"href":"https:\/\/marwan-abado.net\/en\/wp-json\/wp\/v2\/tags?post=3698"},{"taxonomy":"tribe_events_cat","embeddable":true,"href":"https:\/\/marwan-abado.net\/en\/wp-json\/wp\/v2\/tribe_events_cat?post=3698"}],"curies":[{"name":"wp","href":"https:\/\/api.w.org\/{rel}","templated":true}]}}